{"id":126,"date":"2021-03-05T06:50:23","date_gmt":"2021-03-05T05:50:23","guid":{"rendered":"http:\/\/d.r1.wbsprt.com\/kmplg.sk\/?page_id=126"},"modified":"2025-05-29T11:53:45","modified_gmt":"2025-05-29T09:53:45","slug":"videogaleria","status":"publish","type":"page","link":"https:\/\/kmplg.sk\/?page_id=126","title":{"rendered":"Medi\u00e1"},"content":{"rendered":"\n<hr class=\"wp-block-separator\"\/>\n\n\n\n<div class=\"wp-block-columns\">\n<div class=\"wp-block-column\" style=\"flex-basis:50%\"><div class=\"vlp-link-container vlp-layout-kmplg wp-block-visual-link-preview-link\"><a href=\"https:\/\/open.spotify.com\/episode\/5yKr3OofdZ4mTXLIywcwYA\" class=\"vlp-link\" title=\"Vz\u00e1cne nerasty - ich \u0165a\u017eba a ochrana (13.5.2025 20:06)\" rel=\"nofollow\" target=\"_blank\"><\/a><div class=\"vlp-layout-zone-side\"><div class=\"vlp-block-4 vlp-link-image\"><img src=\"https:\/\/image-cdn-ak.spotifycdn.com\/image\/ab6765630000f68d67c8233450fb1d3c51bd43c2\" style=\"max-width: 1024px; max-height: 1024px\" \/><\/div><\/div><div class=\"vlp-layout-zone-main\"><div class=\"vlp-block-0 vlp-link-title\">Vz\u00e1cne nerasty &#8211; ich \u0165a\u017eba a ochrana (13.5.2025 20:06)<\/div><div class=\"vlp-block-1 vlp-link-summary\">Kontakty \u00b7 Episode<\/div><div class=\"vlp-block-2 vlp-link-url\">open.spotify.com\/episode\/5yKr3OofdZ4mTXLIywcwYA<\/div><div class=\"vlp-block-3 vlp-link-button\">Read More<\/div><\/div><\/div><\/div>\n\n\n\n<div class=\"wp-block-column\" style=\"flex-basis:50%\">\n<p><strong><span class=\"has-inline-color has-vivid-red-color\">Kontakty<\/span><\/strong> na R\u00e1diu Slovensko &#8211; Hos\u0165: <strong>Peter Kod\u011bra<\/strong> (geol\u00f3g; PF UK). Nahr\u00e1vky: Zuzana Kollov\u00e1 (\u0160t\u00e1tny geologick\u00fd \u00fastav Dion\u00fdza \u0160t\u00fara &#8211; \u00fastav d\u00e1va povolenie na prieskum geologick\u00fdch \u00fazem\u00ed, hovor\u00ed o povoleniach pre \u0165a\u017eiarensk\u00e9 spolo\u010dnosti) a Franti\u0161ek Bako\u0161 (spolo\u010dnos\u0165 Green View; geol\u00f3g, ktor\u00fd rob\u00ed pre \u0165a\u017eiarensk\u00e9 spolo\u010dnosti). Zlato, striebro, me\u010f \u2013 to s\u00fa vz\u00e1cne nerasty, ktor\u00e9 sa u n\u00e1s \u0165a\u017eili od stredoveku. Dnes s\u00fa ale v popred\u00ed z\u00e1ujmu priemyseln\u00e9 nerasty, ktor\u00e9 sa vyu\u017e\u00edvaj\u00fa pri v\u00fdrobe modern\u00fdch technol\u00f3gi\u00ed. Strategick\u00fdmi nerastami, miner\u00e1lmi s\u00fa l\u00edtium, antim\u00f3n, titan, \u010di mang\u00e1n. Nach\u00e1dzaj\u00fa sa aj na na\u0161om \u00fazem\u00ed? Kr\u00fa\u017eia okolo nich \u0165a\u017eiarensk\u00e9 spolo\u010dnosti? Chr\u00e1nime ich dostato\u010dne? Dozviete sa v Kontaktoch s Petrou Stri\u017ekovou. <a href=\"https:\/\/www.stvr.sk\/radio\/archiv\/11380\/2566634\">Odkaz<\/a> <\/p>\n<\/div>\n<\/div>\n\n\n\n<hr class=\"wp-block-separator\"\/>\n\n\n\n<div class=\"wp-block-columns\">\n<div class=\"wp-block-column\"><div class=\"vlp-link-container vlp-layout-kmplg wp-block-visual-link-preview-link\"><a href=\"https:\/\/dennikn.sk\/4358330\/na-slovensku-objavil-dva-nove-mineraly-maju-anomalne-zlozenie-a-ide-o-geochemicke-rarity-vravi-mineralog-ondrejka\/\" class=\"vlp-link\" title=\"Na Slovensku objavil dva nov\u00e9 miner\u00e1ly. Maj\u00fa anom\u00e1lne zlo\u017eenie a\u00a0ide o\u00a0geochemick\u00e9 rarity, vrav\u00ed mineral\u00f3g Ondrejka\" rel=\"nofollow\" target=\"_blank\"><\/a><div class=\"vlp-layout-zone-side\"><div class=\"vlp-block-4 vlp-link-image\"><img src=\"https:\/\/img.projektn.sk\/wp-static\/2024\/12\/MixCollage-12-Dec-2024-06-22-PM-4883-1-1.jpg?w=2400&amp;h=1260&amp;fit=crop-top&amp;fm=png&amp;markx=10w&amp;marky=5w&amp;markpost=bottom-right&amp;markw=15w&amp;mark=2022\/02\/n-512.png\" style=\"max-width: 1024px; max-height: 1024px\" \/><\/div><\/div><div class=\"vlp-layout-zone-main\"><div class=\"vlp-block-0 vlp-link-title\">Na Slovensku objavil dva nov\u00e9 miner\u00e1ly. Maj\u00fa anom\u00e1lne zlo\u017eenie a\u00a0ide o\u00a0geochemick\u00e9 rarity, vrav\u00ed mineral\u00f3g Ondrejka<\/div><div class=\"vlp-block-1 vlp-link-summary\">Na Slovensku sa na\u0161lo u\u017e 30 nov\u00fdch miner\u00e1lov. \u201eSme svetov\u00e1 ve\u013emoc. Na to, ak\u00e1 sme mal\u00e1 krajina, sa u n\u00e1s moment\u00e1lne ka\u017ed\u00fd rok opisuj\u00fa nov\u00e9 miner\u00e1ly,\u201c vrav\u00ed mineral\u00f3g Martin Ondrejka.<\/div><div class=\"vlp-block-2 vlp-link-url\">dennikn.sk\/4358330\/na-slovensku-objavil-dva-nove-mineraly-maju-anomalne-zlozenie-a-ide-o-geochemicke-rarity-vravi-mineralog-ondrejka\/<\/div><div class=\"vlp-block-3 vlp-link-button\">Read More<\/div><\/div><\/div><\/div>\n\n\n\n<div class=\"wp-block-column\">\n<p><strong><span class=\"has-inline-color has-vivid-red-color\">Na Slovensku objavil dva nov\u00e9 miner\u00e1ly. Maj\u00fa anom\u00e1lne zlo\u017eenie a&nbsp;ide o&nbsp;geochemick\u00e9 rarity, vrav\u00ed mineral\u00f3g Ondrejka<\/span><\/strong> &#8211; <strong>Rozhovor s doc. Martinom Ondrejkom<\/strong>. Na svete sa dosia\u013e objavilo viac ako 6-tis\u00edc miner\u00e1lov, tuh\u00fdch pr\u00edrodn\u00fdch kry\u0161talick\u00fdch l\u00e1tok. Z&nbsp;nich 30 (\u010fal\u0161ie tri \u010dakaj\u00fa na publikovanie) sa ako nov\u00e9 na\u0161li na \u00fazem\u00ed Slovenska, v\u00e4\u010d\u0161ina po roku 2000. Dva z&nbsp;nich objavil mineral\u00f3g a&nbsp;geochemik&nbsp;<a href=\"https:\/\/kmplg.sk\/?page_id=2222\" target=\"_blank\" rel=\"noreferrer noopener\">Martin Ondrejka<\/a>, ktor\u00fd p\u00f4sob\u00ed na Katedre mineral\u00f3gie, petrol\u00f3gie a&nbsp;lo\u017eiskovej geol\u00f3gie Pr\u00edrodovedeckej fakulty UK v&nbsp;Bratislave. <a href=\"https:\/\/dennikn.sk\/4358330\/na-slovensku-objavil-dva-nove-mineraly-maju-anomalne-zlozenie-a-ide-o-geochemicke-rarity-vravi-mineralog-ondrejka\/\">Odkaz<\/a><\/p>\n\n\n\n<p>&nbsp;<\/p>\n<\/div>\n<\/div>\n\n\n\n<hr class=\"wp-block-separator\"\/>\n\n\n\n<div class=\"wp-block-columns\">\n<div class=\"wp-block-column\">\n<!--[if lt IE 9]><script>document.createElement('audio');<\/script><![endif]-->\n<audio class=\"wp-audio-shortcode\" id=\"audio-126-1\" preload=\"none\" style=\"width: 100%;\" controls=\"controls\"><source type=\"audio\/mpeg\" src=\"https:\/\/radio-arch-pp.stv.livebox.sk\/a520\/00\/0027\/002738\/00273837-1.mp3?_=1\" \/><a href=\"https:\/\/radio-arch-pp.stv.livebox.sk\/a520\/00\/0027\/002738\/00273837-1.mp3\">https:\/\/radio-arch-pp.stv.livebox.sk\/a520\/00\/0027\/002738\/00273837-1.mp3<\/a><\/audio>\n<\/div>\n\n\n\n<div class=\"wp-block-column\">\n<p><span class=\"has-inline-color has-black-color\">Hos\u0165om <\/span><strong><span class=\"has-inline-color has-vivid-red-color\">DRS S Petrou Bernasovskou a Richardom Dedekom <\/span><\/strong><span class=\"has-inline-color has-black-color\">bol mineral\u00f3g<\/span><strong><span class=\"has-inline-color has-black-color\"> <\/span><\/strong><span class=\"has-inline-color has-black-color\"><strong>Daniel Ozd\u00edn<\/strong><\/span><strong><span class=\"has-inline-color has-vivid-red-color\">. <\/span><\/strong><a href=\"https:\/\/slovensko.rtvs.sk\/rubriky\/host-dobreho-rana\/256269\/host-drs-daniel-ozdin-mineralog\">Odkaz<\/a><\/p>\n<\/div>\n<\/div>\n\n\n\n<hr class=\"wp-block-separator\"\/>\n\n\n\n<div class=\"wp-block-columns\">\n<div class=\"wp-block-column\">\n<iframe loading=\"lazy\" title=\"Prach v atmosf\u00e9re \u2013 \u0161kodliv\u00fd alebo prospe\u0161n\u00fd? (Peter Ba\u010d\u00edk)\" width=\"400\" height=\"225\" src=\"https:\/\/www.youtube.com\/embed\/AkQYR2xuXQs?feature=oembed\" frameborder=\"0\" allow=\"accelerometer; autoplay; clipboard-write; encrypted-media; gyroscope; picture-in-picture; web-share\" referrerpolicy=\"strict-origin-when-cross-origin\" allowfullscreen><\/iframe>\n<\/div>\n\n\n\n<div class=\"wp-block-column\">\n<p><strong><span class=\"has-inline-color has-vivid-red-color\">Predn\u00e1\u0161ka: Prach v atmosf\u00e9re \u2013 \u0161kodliv\u00fd alebo prospe\u0161n\u00fd?<\/span><\/strong> Do akej miery ovplyv\u0148uj\u00fa mal\u00e9 \u010dastice prachu \u017eivot na plan\u00e9te \u010di \u013eudsk\u00fd organizmus? Vedeli ste, \u017ee prach pren\u00e1\u0161a r\u00e1dioakt\u00edvne prvky z neh\u00f4d at\u00f3mov\u00fdch elektr\u00e1rn\u00ed? O silnom vplyve prachu, ktor\u00fd je \u010dastokr\u00e1t sotva vidite\u013en\u00fd, porozpr\u00e1va vo svojej predn\u00e1\u0161ke v r\u00e1mci podujatia Veda v CENTRE v CVTI SR docent <strong>Peter Ba\u010d\u00edk<\/strong>. <a href=\"https:\/\/youtu.be\/AkQYR2xuXQs\">Odkaz<\/a><\/p>\n<\/div>\n<\/div>\n\n\n\n<hr class=\"wp-block-separator\"\/>\n\n\n\n<div class=\"wp-block-columns\">\n<div class=\"wp-block-column\" style=\"flex-basis:50%\">\n<audio class=\"wp-audio-shortcode\" id=\"audio-126-2\" preload=\"none\" style=\"width: 100%;\" controls=\"controls\"><source type=\"audio\/mpeg\" src=\"https:\/\/radio-arch-pp.stv.livebox.sk\/a520\/00\/0024\/002493\/00249329-1.mp3?_=2\" \/><a href=\"https:\/\/radio-arch-pp.stv.livebox.sk\/a520\/00\/0024\/002493\/00249329-1.mp3\">https:\/\/radio-arch-pp.stv.livebox.sk\/a520\/00\/0024\/002493\/00249329-1.mp3<\/a><\/audio>\n<\/div>\n\n\n\n<div class=\"wp-block-column\" style=\"flex-basis:50%\">\n<p><strong><span class=\"has-inline-color has-vivid-red-color\">Prach v atmosf\u00e9re \u2013 Peter Ba\u010d\u00edk na R\u00e1diu Regina<\/span><\/strong> Tu je ale prachu povedali si ur\u010dite neraz, ke\u010f ste otvorili dvere do starej komory, pivnice, vy\u0161li na povalu, alebo zmetali podlahu. No a \u010do potom, ke\u010f v\u00e1m vietor vmietol do tv\u00e1re k\u00fadele prachu z pol\u00ed, \u010di ciest? Darmo ste privierali o\u010di, prach ste mali v\u0161ade- v tv\u00e1ri, vo vlasoch, v o\u010diach. Vedeli ste, \u017ee jedin\u00e9, \u010do v\u00e1m m\u00f4\u017ee pom\u00f4c\u0165 je voda. Len\u017ee s prachom je to ove\u013ea zlo\u017eitej\u0161ie, aj preto b\u00fdva predmetom cielen\u00e9ho v\u00fdskumu. Najm\u00e4 ten, ktor\u00fd je \u010dastokr\u00e1t sotva vidite\u013en\u00fd vo\u013en\u00fdm okom. S docentom doktorom Petrom Ba\u010d\u00edkom z \u00dastavu vied o zemi SAV a Pr\u00edrodovedeckej fakulty UK sa rozpr\u00e1vala Hana Michal\u010d\u00edkov\u00e1. <a href=\"https:\/\/reginazapad.rtvs.sk\/relacie-a-rubriky\/veda-vyskum-objavy\/240634\/prach-v-atmosfere\">Odkaz<\/a><\/p>\n<\/div>\n<\/div>\n\n\n\n<hr class=\"wp-block-separator\"\/>\n\n\n\n<div class=\"wp-block-columns\">\n<div class=\"wp-block-column\">\n<iframe src=\"https:\/\/www.listennotes.com\/embedded\/e\/2ca0c51fa90241fa92f92897ce5cab11\/\" height=\"170px\" width=\"100%\" style=\"width: 1px; min-width: 100%;\" loading=\"lazy\" frameborder=\"0\" scrolling=\"no\"><\/iframe>\n<\/div>\n\n\n\n<div class=\"wp-block-column\">\n<p><strong><span class=\"has-inline-color has-vivid-red-color\">Talkshow Hos\u0165 Andrey Pol\u00e1\u010dkovej s Danielom Ozd\u00ednom &#8211; R\u00e1dio Slovensko<\/span><\/strong> Ako sa ur\u010duj\u00fa ceny drah\u00fdch kame\u0148ov a kam by sme sa mali vybra\u0165 ak by sme chceli na Slovensku ry\u017eova\u0165 zlato. D\u00e1 sa to v\u00f4bec dnes? Daniel Ozd\u00edn z Katedry mineral\u00f3gie a petrol\u00f3gie na Pr\u00edrodovedeckej fakulte UK v Bratislave prezrad\u00ed aj to, pre\u010do vn\u00edma z\u00e1kon o chr\u00e1nen\u00fdch nerastoch ako redudantn\u00fd a ktor\u00e9 lokality s\u00fa pre mineral\u00f3gov zauj\u00edmav\u00e9 z h\u013eadiska v\u00fdskytu vz\u00e1cnych horn\u00edn a kame\u0148ov. <a href=\"https:\/\/www.listennotes.com\/podcasts\/hos\u0165-andrey\/daniel-ozd%C3%ADn-mineral\u00f3g-r-USyXnzR8wbF\/#\">Odkaz<\/a><\/p>\n<\/div>\n<\/div>\n\n\n\n<hr class=\"wp-block-separator\"\/>\n\n\n\n<div class=\"wp-block-columns\">\n<div class=\"wp-block-column\">\n<audio class=\"wp-audio-shortcode\" id=\"audio-126-3\" preload=\"none\" style=\"width: 100%;\" controls=\"controls\"><source type=\"audio\/mpeg\" src=\"https:\/\/radio-arch-pp.stv.livebox.sk\/a520\/00\/0020\/002030\/00203073-1.mp3?_=3\" \/><a href=\"https:\/\/radio-arch-pp.stv.livebox.sk\/a520\/00\/0020\/002030\/00203073-1.mp3\">https:\/\/radio-arch-pp.stv.livebox.sk\/a520\/00\/0020\/002030\/00203073-1.mp3<\/a><\/audio>\n<\/div>\n\n\n\n<div class=\"wp-block-column\">\n<p><strong><span class=\"has-inline-color has-vivid-red-color\">Mineralogick\u00e9 skvosty na z\u00e1padnom Slovensku s Danielom Ozd\u00ednom a Petrom Ba\u010d\u00edkom &#8211; R\u00e1dio Regina<\/span><\/strong> Kalcit, Aragonit, Barit alebo po\u010duli ste o Kermezite? No, n\u00e1zov op\u00e1l ove\u013ea viac rezonuje v na\u0161om vn\u00edman\u00ed.&nbsp; Ide o&nbsp; drahokam, ktor\u00fd poznali u\u017e v dobe r\u00edmskej. Takmer 1900 rokov bol vo svete zn\u00e1my drah\u00fd op\u00e1l z Dubn\u00edka v Slansk\u00fdch vrchoch. Zauj\u00edmav\u00e9 mineralogick\u00e9 skvosty, ktor\u00e9 maj\u00fa na Pr\u00edrodovedeckej fakulte v Bratislave uk\u00e1zal M\u00e1rii Babinskej Daniel Ozd\u00edn z Katedry&nbsp; mineral\u00f3gie a petrol\u00f3gie.&nbsp;<a href=\"https:\/\/reginazapad.rtvs.sk\/relacie-a-rubriky\/obrazky-krajiny\/205451\/mineralogicke-skvosty-na-zapadnom-slovensku\">Odkaz<\/a><\/p>\n<\/div>\n<\/div>\n\n\n\n<div class=\"wp-block-columns\">\n<div class=\"wp-block-column\"><div class=\"vlp-link-container vlp-layout-kmplg wp-block-visual-link-preview-link\"><a href=\"https:\/\/vedanadosah.cvtisr.sk\/priroda\/zivotne-prostredie\/aj-prach-hybe-dejinami\/\" class=\"vlp-link\" title=\"Aj prach h\u00fdbe dejinami - VEDA NA DOSAH\" rel=\"nofollow\" target=\"_blank\"><\/a><div class=\"vlp-layout-zone-side\"><div class=\"vlp-block-4 vlp-link-image\"><img src=\"https:\/\/vedanadosah.cvtisr.sk\/wp-content\/uploads\/2021\/04\/sopka_krakatoa_island_514938956_.jpg\" style=\"max-width: 1024px; max-height: 1024px\" \/><\/div><\/div><div class=\"vlp-layout-zone-main\"><div class=\"vlp-block-0 vlp-link-title\">Aj prach h\u00fdbe dejinami &#8211; VEDA NA DOSAH<\/div><div class=\"vlp-block-1 vlp-link-summary\">Sp\u00e1ja sa s\u00a0vymret\u00edm dinosaurov, neandert\u00e1lcov, Ve\u013ekou franc\u00fazskou revol\u00faciou aj\u00a0dne\u0161n\u00fdm topen\u00edm \u013eadovcov.<\/div><div class=\"vlp-block-2 vlp-link-url\">vedanadosah.cvtisr.sk\/priroda\/zivotne-prostredie\/aj-prach-hybe-dejinami\/<\/div><div class=\"vlp-block-3 vlp-link-button\">Read More<\/div><\/div><\/div><\/div>\n\n\n\n<div class=\"wp-block-column\">\n<p><strong><span class=\"has-inline-color has-vivid-red-color\">Aj prach h\u00fdbe dejinami<\/span><\/strong> &#8211; <strong>Rozhovor s doc. Petrom Ba\u010d\u00edkom. <\/strong>V be\u017enom \u017eivote \u010dlovek vn\u00edma prach ako to, \u010do ho ober\u00e1 o vz\u00e1cny vo\u013en\u00fd \u010das, preto\u017ee ho mus\u00ed ka\u017ed\u00fa chv\u00ed\u013eu odstra\u0148ova\u0165 z n\u00e1bytku \u010di z auta. Prach m\u00e1 v\u0161ak aj mnoho pozit\u00edvnych aspektov. Bez neho by na Zemi nebol d\u00e1\u017e\u010f, iba neznesite\u013en\u00e1 vlhkos\u0165. To v\u010faka zrnie\u010dkam prachu v atmosf\u00e9re vznikaj\u00fa oblaky aj da\u017e\u010fov\u00e9 kvapky. Prach tie\u017e pom\u00e1ha vytv\u00e1ra\u0165 spra\u0161e (pomerne \u00farodn\u00e9 p\u00f4dy) a sl\u00fa\u017ei aj ako hnojivo pre fytoplankt\u00f3n. Na druhej strane siln\u00e9 erupcie sopiek, po\u010das ktor\u00fdch sa dostane sope\u010dn\u00fd prach vysoko do atmosf\u00e9ry, m\u00f4\u017eu zapr\u00ed\u010dini\u0165 nepr\u00edjemn\u00fa zmenu kl\u00edmy na nieko\u013eko dn\u00ed, v extr\u00e9mnych pr\u00edpadoch aj rokov.&nbsp;<a href=\"https:\/\/vedanadosah.cvtisr.sk\/priroda\/zivotne-prostredie\/aj-prach-hybe-dejinami\/\">Odkaz<\/a><\/p>\n<\/div>\n<\/div>\n\n\n\n<p><\/p>\n","protected":false},"excerpt":{"rendered":"<p>Kontakty na R\u00e1diu Slovensko &#8211; Hos\u0165: Peter Kod\u011bra (geol\u00f3g; PF &hellip; <\/p>\n","protected":false},"author":2,"featured_media":0,"parent":0,"menu_order":0,"comment_status":"closed","ping_status":"closed","template":"","meta":{"_monsterinsights_skip_tracking":false,"_monsterinsights_sitenote_active":false,"_monsterinsights_sitenote_note":"","_monsterinsights_sitenote_category":0,"ngg_post_thumbnail":0},"folder":[],"yoast_head":"<!-- This site is optimized with the Yoast SEO plugin v19.4 - https:\/\/yoast.com\/wordpress\/plugins\/seo\/ -->\n<title>Medi\u00e1 - Katedra mineral\u00f3gie, petrol\u00f3gie a lo\u017eiskovej geol\u00f3gie<\/title>\n<meta name=\"robots\" content=\"index, follow, max-snippet:-1, max-image-preview:large, max-video-preview:-1\" \/>\n<link rel=\"canonical\" href=\"https:\/\/kmplg.sk\/?page_id=126\" \/>\n<meta property=\"og:locale\" content=\"sk_SK\" \/>\n<meta property=\"og:type\" content=\"article\" \/>\n<meta property=\"og:title\" content=\"Medi\u00e1 - Katedra mineral\u00f3gie, petrol\u00f3gie a lo\u017eiskovej geol\u00f3gie\" \/>\n<meta property=\"og:description\" content=\"Kontakty na R\u00e1diu Slovensko &#8211; Hos\u0165: Peter Kod\u011bra (geol\u00f3g; PF &hellip;\" \/>\n<meta property=\"og:url\" content=\"https:\/\/kmplg.sk\/?page_id=126\" \/>\n<meta property=\"og:site_name\" content=\"Katedra mineral\u00f3gie, petrol\u00f3gie a lo\u017eiskovej geol\u00f3gie\" \/>\n<meta property=\"article:publisher\" content=\"https:\/\/www.facebook.com\/kmplg\/\" \/>\n<meta property=\"article:modified_time\" content=\"2025-05-29T09:53:45+00:00\" \/>\n<meta property=\"og:image\" content=\"https:\/\/image-cdn-ak.spotifycdn.com\/image\/ab6765630000f68d67c8233450fb1d3c51bd43c2\" \/>\n<meta name=\"twitter:card\" content=\"summary_large_image\" \/>\n<meta name=\"twitter:label1\" content=\"Predpokladan\u00fd \u010das \u010d\u00edtania\" \/>\n\t<meta name=\"twitter:data1\" content=\"5 min\u00fat\" \/>\n<script type=\"application\/ld+json\" class=\"yoast-schema-graph\">{\"@context\":\"https:\/\/schema.org\",\"@graph\":[{\"@type\":\"WebSite\",\"@id\":\"https:\/\/kmplg.sk\/#website\",\"url\":\"https:\/\/kmplg.sk\/\",\"name\":\"Katedra mineral\u00f3gie, petrol\u00f3gie a lo\u017eiskovej geol\u00f3gie\",\"description\":\"Pr\u00edrodovedeck\u00e1 fakulta Univerzity Komensk\u00e9ho v Bratislave\",\"potentialAction\":[{\"@type\":\"SearchAction\",\"target\":{\"@type\":\"EntryPoint\",\"urlTemplate\":\"https:\/\/kmplg.sk\/?s={search_term_string}\"},\"query-input\":\"required name=search_term_string\"}],\"inLanguage\":\"sk-SK\"},{\"@type\":\"WebPage\",\"@id\":\"https:\/\/kmplg.sk\/?page_id=126\",\"url\":\"https:\/\/kmplg.sk\/?page_id=126\",\"name\":\"Medi\u00e1 - Katedra mineral\u00f3gie, petrol\u00f3gie a lo\u017eiskovej geol\u00f3gie\",\"isPartOf\":{\"@id\":\"https:\/\/kmplg.sk\/#website\"},\"datePublished\":\"2021-03-05T05:50:23+00:00\",\"dateModified\":\"2025-05-29T09:53:45+00:00\",\"breadcrumb\":{\"@id\":\"https:\/\/kmplg.sk\/?page_id=126#breadcrumb\"},\"inLanguage\":\"sk-SK\",\"potentialAction\":[{\"@type\":\"ReadAction\",\"target\":[\"https:\/\/kmplg.sk\/?page_id=126\"]}]},{\"@type\":\"BreadcrumbList\",\"@id\":\"https:\/\/kmplg.sk\/?page_id=126#breadcrumb\",\"itemListElement\":[{\"@type\":\"ListItem\",\"position\":1,\"name\":\"Home\",\"item\":\"https:\/\/kmplg.sk\/\"},{\"@type\":\"ListItem\",\"position\":2,\"name\":\"Medi\u00e1\"}]}]}<\/script>\n<!-- \/ Yoast SEO plugin. -->","yoast_head_json":{"title":"Medi\u00e1 - Katedra mineral\u00f3gie, petrol\u00f3gie a lo\u017eiskovej geol\u00f3gie","robots":{"index":"index","follow":"follow","max-snippet":"max-snippet:-1","max-image-preview":"max-image-preview:large","max-video-preview":"max-video-preview:-1"},"canonical":"https:\/\/kmplg.sk\/?page_id=126","og_locale":"sk_SK","og_type":"article","og_title":"Medi\u00e1 - Katedra mineral\u00f3gie, petrol\u00f3gie a lo\u017eiskovej geol\u00f3gie","og_description":"Kontakty na R\u00e1diu Slovensko &#8211; Hos\u0165: Peter Kod\u011bra (geol\u00f3g; PF &hellip;","og_url":"https:\/\/kmplg.sk\/?page_id=126","og_site_name":"Katedra mineral\u00f3gie, petrol\u00f3gie a lo\u017eiskovej geol\u00f3gie","article_publisher":"https:\/\/www.facebook.com\/kmplg\/","article_modified_time":"2025-05-29T09:53:45+00:00","og_image":[{"url":"https:\/\/image-cdn-ak.spotifycdn.com\/image\/ab6765630000f68d67c8233450fb1d3c51bd43c2"}],"twitter_card":"summary_large_image","twitter_misc":{"Predpokladan\u00fd \u010das \u010d\u00edtania":"5 min\u00fat"},"schema":{"@context":"https:\/\/schema.org","@graph":[{"@type":"WebSite","@id":"https:\/\/kmplg.sk\/#website","url":"https:\/\/kmplg.sk\/","name":"Katedra mineral\u00f3gie, petrol\u00f3gie a lo\u017eiskovej geol\u00f3gie","description":"Pr\u00edrodovedeck\u00e1 fakulta Univerzity Komensk\u00e9ho v Bratislave","potentialAction":[{"@type":"SearchAction","target":{"@type":"EntryPoint","urlTemplate":"https:\/\/kmplg.sk\/?s={search_term_string}"},"query-input":"required name=search_term_string"}],"inLanguage":"sk-SK"},{"@type":"WebPage","@id":"https:\/\/kmplg.sk\/?page_id=126","url":"https:\/\/kmplg.sk\/?page_id=126","name":"Medi\u00e1 - Katedra mineral\u00f3gie, petrol\u00f3gie a lo\u017eiskovej geol\u00f3gie","isPartOf":{"@id":"https:\/\/kmplg.sk\/#website"},"datePublished":"2021-03-05T05:50:23+00:00","dateModified":"2025-05-29T09:53:45+00:00","breadcrumb":{"@id":"https:\/\/kmplg.sk\/?page_id=126#breadcrumb"},"inLanguage":"sk-SK","potentialAction":[{"@type":"ReadAction","target":["https:\/\/kmplg.sk\/?page_id=126"]}]},{"@type":"BreadcrumbList","@id":"https:\/\/kmplg.sk\/?page_id=126#breadcrumb","itemListElement":[{"@type":"ListItem","position":1,"name":"Home","item":"https:\/\/kmplg.sk\/"},{"@type":"ListItem","position":2,"name":"Medi\u00e1"}]}]}},"_links":{"self":[{"href":"https:\/\/kmplg.sk\/index.php?rest_route=\/wp\/v2\/pages\/126"}],"collection":[{"href":"https:\/\/kmplg.sk\/index.php?rest_route=\/wp\/v2\/pages"}],"about":[{"href":"https:\/\/kmplg.sk\/index.php?rest_route=\/wp\/v2\/types\/page"}],"author":[{"embeddable":true,"href":"https:\/\/kmplg.sk\/index.php?rest_route=\/wp\/v2\/users\/2"}],"replies":[{"embeddable":true,"href":"https:\/\/kmplg.sk\/index.php?rest_route=%2Fwp%2Fv2%2Fcomments&post=126"}],"version-history":[{"count":5,"href":"https:\/\/kmplg.sk\/index.php?rest_route=\/wp\/v2\/pages\/126\/revisions"}],"predecessor-version":[{"id":3439,"href":"https:\/\/kmplg.sk\/index.php?rest_route=\/wp\/v2\/pages\/126\/revisions\/3439"}],"wp:attachment":[{"href":"https:\/\/kmplg.sk\/index.php?rest_route=%2Fwp%2Fv2%2Fmedia&parent=126"}],"wp:term":[{"taxonomy":"folder","embeddable":true,"href":"https:\/\/kmplg.sk\/index.php?rest_route=%2Fwp%2Fv2%2Ffolder&post=126"}],"curies":[{"name":"wp","href":"https:\/\/api.w.org\/{rel}","templated":true}]}}